{"id":4419,"date":"2015-12-22T10:56:12","date_gmt":"2015-12-22T10:56:12","guid":{"rendered":"http:\/\/themes.muffingroup.com\/be\/blogger2\/?page_id=2384"},"modified":"2025-03-17T03:24:10","modified_gmt":"2025-03-17T02:24:10","slug":"about-us","status":"publish","type":"page","link":"https:\/\/www.liberalabici.it\/wordpress\/about-us\/","title":{"rendered":"Chi siamo"},"content":{"rendered":"\t\t<div data-elementor-type=\"wp-page\" data-elementor-id=\"4419\" class=\"elementor elementor-4419\">\n\t\t\t\t\t\t<section class=\"elementor-section elementor-top-section elementor-element elementor-element-4cd0c64 elementor-section-stretched elementor-section-boxed elementor-section-height-default elementor-section-height-default\" data-id=\"4cd0c64\" data-element_type=\"section\" data-settings=\"{&quot;stretch_section&quot;:&quot;section-stretched&quot;,&quot;background_background&quot;:&quot;classic&quot;}\">\n\t\t\t\t\t\t<div class=\"elementor-container elementor-column-gap-wider\">\n\t\t\t\t\t<div class=\"elementor-column elementor-col-100 elementor-top-column elementor-element elementor-element-e885a44\" data-id=\"e885a44\" data-element_type=\"column\">\n\t\t\t<div class=\"elementor-widget-wrap\">\n\t\t\t\t\t\t\t<\/div>\n\t\t<\/div>\n\t\t\t\t\t<\/div>\n\t\t<\/section>\n\t\t\t\t<section class=\"elementor-section elementor-top-section elementor-element elementor-element-8ff71b4 elementor-section-stretched elementor-section-boxed elementor-section-height-default elementor-section-height-default\" data-id=\"8ff71b4\" data-element_type=\"section\" data-settings=\"{&quot;stretch_section&quot;:&quot;section-stretched&quot;}\">\n\t\t\t\t\t\t<div class=\"elementor-container elementor-column-gap-wider\">\n\t\t\t\t\t<div class=\"elementor-column elementor-col-100 elementor-top-column elementor-element elementor-element-59f7ae0\" data-id=\"59f7ae0\" data-element_type=\"column\">\n\t\t\t<div class=\"elementor-widget-wrap elementor-element-populated\">\n\t\t\t\t\t\t<section class=\"elementor-section elementor-inner-section elementor-element elementor-element-a0dd48e elementor-section-boxed elementor-section-height-default elementor-section-height-default\" data-id=\"a0dd48e\" data-element_type=\"section\">\n\t\t\t\t\t\t<div class=\"elementor-container elementor-column-gap-default\">\n\t\t\t\t\t<div class=\"elementor-column elementor-col-100 elementor-inner-column elementor-element elementor-element-da5bc04\" data-id=\"da5bc04\" data-element_type=\"column\">\n\t\t\t<div class=\"elementor-widget-wrap elementor-element-populated\">\n\t\t\t\t\t\t<div class=\"elementor-element elementor-element-6bd6c70 elementor-widget elementor-widget-text-editor\" data-id=\"6bd6c70\" data-element_type=\"widget\" data-widget_type=\"text-editor.default\">\n\t\t\t\t<div class=\"elementor-widget-container\">\n\t\t\t\t\t\t\t\t\t<h3>Chi siamo?<\/h3>\t\t\t\t\t\t\t\t<\/div>\n\t\t\t\t<\/div>\n\t\t\t\t\t<\/div>\n\t\t<\/div>\n\t\t\t\t\t<\/div>\n\t\t<\/section>\n\t\t\t\t<section class=\"elementor-section elementor-inner-section elementor-element elementor-element-a5bf7d4 elementor-section-boxed elementor-section-height-default elementor-section-height-default\" data-id=\"a5bf7d4\" data-element_type=\"section\">\n\t\t\t\t\t\t<div class=\"elementor-container elementor-column-gap-default\">\n\t\t\t\t\t<div class=\"elementor-column elementor-col-33 elementor-inner-column elementor-element elementor-element-2f9ec86\" data-id=\"2f9ec86\" data-element_type=\"column\">\n\t\t\t<div class=\"elementor-widget-wrap elementor-element-populated\">\n\t\t\t\t\t\t<div class=\"elementor-element elementor-element-b3c3d3f elementor-widget elementor-widget-image\" data-id=\"b3c3d3f\" data-element_type=\"widget\" data-widget_type=\"image.default\">\n\t\t\t\t<div class=\"elementor-widget-container\">\n\t\t\t\t\t\t\t\t\t\t\t\t\t\t\t<img fetchpriority=\"high\" decoding=\"async\" width=\"2048\" height=\"1169\" src=\"https:\/\/www.liberalabici.it\/wordpress\/wp-content\/uploads\/2025\/03\/vect-logo-orizz-gialloblu-2048x1169.png\" class=\"attachment-2048x2048 size-2048x2048 wp-image-6220\" alt=\"\" srcset=\"https:\/\/www.liberalabici.it\/wordpress\/wp-content\/uploads\/2025\/03\/vect-logo-orizz-gialloblu-2048x1169.png 2048w, https:\/\/www.liberalabici.it\/wordpress\/wp-content\/uploads\/2025\/03\/vect-logo-orizz-gialloblu-300x171.png 300w, https:\/\/www.liberalabici.it\/wordpress\/wp-content\/uploads\/2025\/03\/vect-logo-orizz-gialloblu-1024x585.png 1024w, https:\/\/www.liberalabici.it\/wordpress\/wp-content\/uploads\/2025\/03\/vect-logo-orizz-gialloblu-768x439.png 768w, https:\/\/www.liberalabici.it\/wordpress\/wp-content\/uploads\/2025\/03\/vect-logo-orizz-gialloblu-1536x877.png 1536w, https:\/\/www.liberalabici.it\/wordpress\/wp-content\/uploads\/2025\/03\/vect-logo-orizz-gialloblu-256x146.png 256w, https:\/\/www.liberalabici.it\/wordpress\/wp-content\/uploads\/2025\/03\/vect-logo-orizz-gialloblu-50x29.png 50w, https:\/\/www.liberalabici.it\/wordpress\/wp-content\/uploads\/2025\/03\/vect-logo-orizz-gialloblu-131x75.png 131w\" sizes=\"(max-width: 2048px) 100vw, 2048px\" \/>\t\t\t\t\t\t\t\t\t\t\t\t\t\t\t<\/div>\n\t\t\t\t<\/div>\n\t\t\t\t\t<\/div>\n\t\t<\/div>\n\t\t\t\t<div class=\"elementor-column elementor-col-33 elementor-inner-column elementor-element elementor-element-65cd574\" data-id=\"65cd574\" data-element_type=\"column\">\n\t\t\t<div class=\"elementor-widget-wrap elementor-element-populated\">\n\t\t\t\t\t\t<div class=\"elementor-element elementor-element-b6bb29b elementor-widget elementor-widget-text-editor\" data-id=\"b6bb29b\" data-element_type=\"widget\" data-widget_type=\"text-editor.default\">\n\t\t\t\t<div class=\"elementor-widget-container\">\n\t\t\t\t\t\t\t\t\t<h3><b>Missione<\/b><\/h3>\n<p>FIAB Conegliano &#8211; Liberalabici \u00e8 un\u2019organizzazione ambientalista che ha lo scopo&nbsp; di promuovere l\u2019uso della bicicletta sia come <b>mezzo di trasporto quotidiano <\/b>per migliorare mobilit\u00e0 e ambiente urbano, sia per la pratica dell\u2019<b>escursionismo in bicicletta<\/b>, una forma di turismo particolarmente rispettosa dell\u2019ambiente.<\/p>\t\t\t\t\t\t\t\t<\/div>\n\t\t\t\t<\/div>\n\t\t\t\t\t<\/div>\n\t\t<\/div>\n\t\t\t\t<div class=\"elementor-column elementor-col-33 elementor-inner-column elementor-element elementor-element-e0fa9d7\" data-id=\"e0fa9d7\" data-element_type=\"column\">\n\t\t\t<div class=\"elementor-widget-wrap elementor-element-populated\">\n\t\t\t\t\t\t<div class=\"elementor-element elementor-element-d324579 elementor-widget elementor-widget-text-editor\" data-id=\"d324579\" data-element_type=\"widget\" data-widget_type=\"text-editor.default\">\n\t\t\t\t<div class=\"elementor-widget-container\">\n\t\t\t\t\t\t\t\t\t<h3>Perch\u00e8?<\/h3>\n<p>La mobilit\u00e0 sostenibile \u00e8 uno degli obiettivi, il n\u00b011,&nbsp; previsti per l\u2019<b>Agenda di sviluppo 2030<\/b>, programma d\u2019azione per le persone, il pianeta e la prosperit\u00e0, sottoscritto nel settembre 2015 dai governi dei 193 Paesi membri dell\u2019<b>ONU<\/b>. L\u2019Italia \u00e8 il Paese europeo con la <b>pi\u00f9 alta densit\u00e0 di automobili <\/b>(42 milioni) e per questo ci dedichiamo assieme a FIAB ed ECF affinch\u00e9 il nostro diventi un <b>Paese ciclabile.<\/b><\/p>\t\t\t\t\t\t\t\t<\/div>\n\t\t\t\t<\/div>\n\t\t\t\t\t<\/div>\n\t\t<\/div>\n\t\t\t\t\t<\/div>\n\t\t<\/section>\n\t\t\t\t<div class=\"elementor-element elementor-element-86e02d5 elementor-widget-divider--view-line elementor-widget elementor-widget-divider\" data-id=\"86e02d5\" data-element_type=\"widget\" data-widget_type=\"divider.default\">\n\t\t\t\t<div class=\"elementor-widget-container\">\n\t\t\t\t\t\t\t<div class=\"elementor-divider\">\n\t\t\t<span class=\"elementor-divider-separator\">\n\t\t\t\t\t\t<\/span>\n\t\t<\/div>\n\t\t\t\t\t\t<\/div>\n\t\t\t\t<\/div>\n\t\t\t\t<section class=\"elementor-section elementor-inner-section elementor-element elementor-element-8e47842 elementor-section-boxed elementor-section-height-default elementor-section-height-default\" data-id=\"8e47842\" data-element_type=\"section\">\n\t\t\t\t\t\t<div class=\"elementor-container elementor-column-gap-default\">\n\t\t\t\t\t<div class=\"elementor-column elementor-col-50 elementor-inner-column elementor-element elementor-element-8408516\" data-id=\"8408516\" data-element_type=\"column\">\n\t\t\t<div class=\"elementor-widget-wrap elementor-element-populated\">\n\t\t\t\t\t\t<div class=\"elementor-element elementor-element-25e4d06 elementor-widget__width-auto elementor-view-default elementor-widget elementor-widget-icon\" data-id=\"25e4d06\" data-element_type=\"widget\" data-widget_type=\"icon.default\">\n\t\t\t\t<div class=\"elementor-widget-container\">\n\t\t\t\t\t\t\t<div class=\"elementor-icon-wrapper\">\n\t\t\t<a class=\"elementor-icon\" href=\"https:\/\/www.liberalabici.it\/wordpress\/associazione\/statuto\/\">\n\t\t\t<i aria-hidden=\"true\" class=\"fas fa-book\"><\/i>\t\t\t<\/a>\n\t\t<\/div>\n\t\t\t\t\t\t<\/div>\n\t\t\t\t<\/div>\n\t\t\t\t\t<\/div>\n\t\t<\/div>\n\t\t\t\t<div class=\"elementor-column elementor-col-50 elementor-inner-column elementor-element elementor-element-0f29547\" data-id=\"0f29547\" data-element_type=\"column\">\n\t\t\t<div class=\"elementor-widget-wrap elementor-element-populated\">\n\t\t\t\t\t\t<div class=\"elementor-element elementor-element-aff531f elementor-widget elementor-widget-text-editor\" data-id=\"aff531f\" data-element_type=\"widget\" data-widget_type=\"text-editor.default\">\n\t\t\t\t<div class=\"elementor-widget-container\">\n\t\t\t\t\t\t\t\t\t<h3><a href=\"https:\/\/www.liberalabici.it\/wordpress\/associazione\/statuto\/\">Leggi lo statuto dell&#8217;associazione!<\/a><\/h3>\t\t\t\t\t\t\t\t<\/div>\n\t\t\t\t<\/div>\n\t\t\t\t\t<\/div>\n\t\t<\/div>\n\t\t\t\t\t<\/div>\n\t\t<\/section>\n\t\t\t\t<div class=\"elementor-element elementor-element-f697a82 elementor-widget-divider--view-line elementor-widget elementor-widget-divider\" data-id=\"f697a82\" data-element_type=\"widget\" data-widget_type=\"divider.default\">\n\t\t\t\t<div class=\"elementor-widget-container\">\n\t\t\t\t\t\t\t<div class=\"elementor-divider\">\n\t\t\t<span class=\"elementor-divider-separator\">\n\t\t\t\t\t\t<\/span>\n\t\t<\/div>\n\t\t\t\t\t\t<\/div>\n\t\t\t\t<\/div>\n\t\t\t\t<section class=\"elementor-section elementor-inner-section elementor-element elementor-element-ad63390 elementor-section-boxed elementor-section-height-default elementor-section-height-default\" data-id=\"ad63390\" data-element_type=\"section\">\n\t\t\t\t\t\t<div class=\"elementor-container elementor-column-gap-default\">\n\t\t\t\t\t<div class=\"elementor-column elementor-col-100 elementor-inner-column elementor-element elementor-element-9852c68\" data-id=\"9852c68\" data-element_type=\"column\">\n\t\t\t<div class=\"elementor-widget-wrap elementor-element-populated\">\n\t\t\t\t\t\t<div class=\"elementor-element elementor-element-6622611 elementor-widget elementor-widget-text-editor\" data-id=\"6622611\" data-element_type=\"widget\" data-widget_type=\"text-editor.default\">\n\t\t\t\t<div class=\"elementor-widget-container\">\n\t\t\t\t\t\t\t\t\t<h3 style=\"font-style: normal; font-variant-ligatures: normal; font-variant-caps: normal; letter-spacing: normal;\">Consiglio direttivo<\/h3>\t\t\t\t\t\t\t\t<\/div>\n\t\t\t\t<\/div>\n\t\t\t\t\t<\/div>\n\t\t<\/div>\n\t\t\t\t\t<\/div>\n\t\t<\/section>\n\t\t\t\t<section class=\"elementor-section elementor-inner-section elementor-element elementor-element-19850bd elementor-section-boxed elementor-section-height-default elementor-section-height-default\" data-id=\"19850bd\" data-element_type=\"section\">\n\t\t\t\t\t\t<div class=\"elementor-container elementor-column-gap-default\">\n\t\t\t\t\t<div class=\"elementor-column elementor-col-50 elementor-inner-column elementor-element elementor-element-65d26f7\" data-id=\"65d26f7\" data-element_type=\"column\">\n\t\t\t<div class=\"elementor-widget-wrap elementor-element-populated\">\n\t\t\t\t\t\t<div class=\"elementor-element elementor-element-6c48eaa elementor-widget elementor-widget-text-editor\" data-id=\"6c48eaa\" data-element_type=\"widget\" data-widget_type=\"text-editor.default\">\n\t\t\t\t<div class=\"elementor-widget-container\">\n\t\t\t\t\t\t\t\t\t<h4>Presidente<\/h4><p>Maura Pessot<br \/><a href=\"mailto:presidente@liberalabici.it\">presidente@liberalabici.it<\/a><\/p><h4>Vice presidente<\/h4><p>Ezio Marchioni<\/p><h4>Segreteria<\/h4><p>Gianni Dotto<br \/><a href=\"mailto:segreteria@liberalabici.it\">segreteria@liberalabici.it<\/a><\/p>\t\t\t\t\t\t\t\t<\/div>\n\t\t\t\t<\/div>\n\t\t\t\t\t<\/div>\n\t\t<\/div>\n\t\t\t\t<div class=\"elementor-column elementor-col-50 elementor-inner-column elementor-element elementor-element-1cc6416\" data-id=\"1cc6416\" data-element_type=\"column\">\n\t\t\t<div class=\"elementor-widget-wrap elementor-element-populated\">\n\t\t\t\t\t\t<div class=\"elementor-element elementor-element-258efa1 elementor-widget elementor-widget-text-editor\" data-id=\"258efa1\" data-element_type=\"widget\" data-widget_type=\"text-editor.default\">\n\t\t\t\t<div class=\"elementor-widget-container\">\n\t\t\t\t\t\t\t\t\t<h4>Membri del consiglio<\/h4><p>Serena Bonan<\/p><p>Gianni Dotto<\/p><p>Ezio Marchioni<\/p><p>Maura Pessot<\/p><p>Gianmarco Piovesana<\/p>\t\t\t\t\t\t\t\t<\/div>\n\t\t\t\t<\/div>\n\t\t\t\t\t<\/div>\n\t\t<\/div>\n\t\t\t\t\t<\/div>\n\t\t<\/section>\n\t\t\t\t<div class=\"elementor-element elementor-element-09f5755 elementor-widget-divider--view-line elementor-widget elementor-widget-divider\" data-id=\"09f5755\" data-element_type=\"widget\" data-widget_type=\"divider.default\">\n\t\t\t\t<div class=\"elementor-widget-container\">\n\t\t\t\t\t\t\t<div class=\"elementor-divider\">\n\t\t\t<span class=\"elementor-divider-separator\">\n\t\t\t\t\t\t<\/span>\n\t\t<\/div>\n\t\t\t\t\t\t<\/div>\n\t\t\t\t<\/div>\n\t\t\t\t<section class=\"elementor-section elementor-inner-section elementor-element elementor-element-2d31b0a elementor-section-boxed elementor-section-height-default elementor-section-height-default\" data-id=\"2d31b0a\" data-element_type=\"section\">\n\t\t\t\t\t\t<div class=\"elementor-container elementor-column-gap-default\">\n\t\t\t\t\t<div class=\"elementor-column elementor-col-100 elementor-inner-column elementor-element elementor-element-dd9a6c3\" data-id=\"dd9a6c3\" data-element_type=\"column\">\n\t\t\t<div class=\"elementor-widget-wrap elementor-element-populated\">\n\t\t\t\t\t\t<div class=\"elementor-element elementor-element-193ad85 elementor-widget elementor-widget-text-editor\" data-id=\"193ad85\" data-element_type=\"widget\" data-widget_type=\"text-editor.default\">\n\t\t\t\t<div class=\"elementor-widget-container\">\n\t\t\t\t\t\t\t\t\t<h3 style=\"font-style: normal; font-variant-ligatures: normal; font-variant-caps: normal; letter-spacing: normal;\">Referenti<\/h3>\t\t\t\t\t\t\t\t<\/div>\n\t\t\t\t<\/div>\n\t\t\t\t\t<\/div>\n\t\t<\/div>\n\t\t\t\t\t<\/div>\n\t\t<\/section>\n\t\t\t\t<section class=\"elementor-section elementor-inner-section elementor-element elementor-element-2cfc5b0 elementor-section-boxed elementor-section-height-default elementor-section-height-default\" data-id=\"2cfc5b0\" data-element_type=\"section\">\n\t\t\t\t\t\t<div class=\"elementor-container elementor-column-gap-default\">\n\t\t\t\t\t<div class=\"elementor-column elementor-col-50 elementor-inner-column elementor-element elementor-element-0df0294\" data-id=\"0df0294\" data-element_type=\"column\">\n\t\t\t<div class=\"elementor-widget-wrap elementor-element-populated\">\n\t\t\t\t\t\t<div class=\"elementor-element elementor-element-60d819c elementor-widget elementor-widget-text-editor\" data-id=\"60d819c\" data-element_type=\"widget\" data-widget_type=\"text-editor.default\">\n\t\t\t\t<div class=\"elementor-widget-container\">\n\t\t\t\t\t\t\t\t\t<h4>Eventi<\/h4><p>Gianni Dotto<br \/>Gianmarco Piovesana<\/p><h4>Gite<\/h4><p>Gianni Dotto<br \/>Gianmarco Piovesana<\/p><h4>Bimbinbici<\/h4><p>Agnese Pini<\/p><h4>ComuniCiclabili<\/h4><p>Ezio Marchioni<\/p>\t\t\t\t\t\t\t\t<\/div>\n\t\t\t\t<\/div>\n\t\t\t\t\t<\/div>\n\t\t<\/div>\n\t\t\t\t<div class=\"elementor-column elementor-col-50 elementor-inner-column elementor-element elementor-element-6f123fa\" data-id=\"6f123fa\" data-element_type=\"column\">\n\t\t\t<div class=\"elementor-widget-wrap elementor-element-populated\">\n\t\t\t\t\t\t<div class=\"elementor-element elementor-element-ef131a7 elementor-widget elementor-widget-text-editor\" data-id=\"ef131a7\" data-element_type=\"widget\" data-widget_type=\"text-editor.default\">\n\t\t\t\t<div class=\"elementor-widget-container\">\n\t\t\t\t\t\t\t\t\t<h4>Serate<\/h4>\n<p>Maura Pessot<\/p>\n<p><\/p>\n<h4>Rapporti con la pubblica amministrazione<\/h4>\n<p>Ezio Marchioni<\/p>\n<p>Michele Poto<i><\/i><span lang=\"it\">\u010d<\/span>nik<\/p>\n<h4>Rapporti con il coordinamento regionale FIAB Veneto<\/h4>\n<p>Ezio Marchioni<\/p>\n<p>Michele Poto<i><\/i><span lang=\"it\">\u010d<\/span>nik<\/p>\t\t\t\t\t\t\t\t<\/div>\n\t\t\t\t<\/div>\n\t\t\t\t\t<\/div>\n\t\t<\/div>\n\t\t\t\t\t<\/div>\n\t\t<\/section>\n\t\t\t\t\t<\/div>\n\t\t<\/div>\n\t\t\t\t\t<\/div>\n\t\t<\/section>\n\t\t\t\t<\/div>\n\t\t","protected":false},"excerpt":{"rendered":"<p>Chi siamo? Missione FIAB Conegliano &#8211; Liberalabici \u00e8 un\u2019organizzazione ambientalista che ha lo scopo&nbsp; di promuovere l\u2019uso della bicicletta sia come mezzo di trasporto quotidiano per<span class=\"excerpt-hellip\"> [?]<\/span><\/p>\n","protected":false},"author":7,"featured_media":0,"parent":0,"menu_order":0,"comment_status":"closed","ping_status":"closed","template":"","meta":{"footnotes":""},"class_list":["post-4419","page","type-page","status-publish","hentry"],"_links":{"self":[{"href":"https:\/\/www.liberalabici.it\/wordpress\/wp-json\/wp\/v2\/pages\/4419","targetHints":{"allow":["GET"]}}],"collection":[{"href":"https:\/\/www.liberalabici.it\/wordpress\/wp-json\/wp\/v2\/pages"}],"about":[{"href":"https:\/\/www.liberalabici.it\/wordpress\/wp-json\/wp\/v2\/types\/page"}],"author":[{"embeddable":true,"href":"https:\/\/www.liberalabici.it\/wordpress\/wp-json\/wp\/v2\/users\/7"}],"replies":[{"embeddable":true,"href":"https:\/\/www.liberalabici.it\/wordpress\/wp-json\/wp\/v2\/comments?post=4419"}],"version-history":[{"count":63,"href":"https:\/\/www.liberalabici.it\/wordpress\/wp-json\/wp\/v2\/pages\/4419\/revisions"}],"predecessor-version":[{"id":6316,"href":"https:\/\/www.liberalabici.it\/wordpress\/wp-json\/wp\/v2\/pages\/4419\/revisions\/6316"}],"wp:attachment":[{"href":"https:\/\/www.liberalabici.it\/wordpress\/wp-json\/wp\/v2\/media?parent=4419"}],"curies":[{"name":"wp","href":"https:\/\/api.w.org\/{rel}","templated":true}]}}